{"id":8,"date":"2024-06-10T08:22:14","date_gmt":"2024-06-10T08:22:14","guid":{"rendered":"http:\/\/geografie.uvt.ro\/?p=8"},"modified":"2025-06-29T09:43:43","modified_gmt":"2025-06-29T09:43:43","slug":"specializari","status":"publish","type":"page","link":"https:\/\/geografie.uvt.ro\/?page_id=8","title":{"rendered":"Licen\u021b\u0103"},"content":{"rendered":"\n<p class=\"has-secondary-color has-text-color has-link-color has-medium-font-size wp-elements-4826e94e6ad3963755704390586a735b\"><strong>CICLUL I \u2013 LICEN\u021a\u0102 (3 ANI)<\/strong><\/p>\n\n\n\n<p>Departamentul de Geografie ofer\u0103 patru specializ\u0103ri:&nbsp;<\/p>\n\n\n\n<ul class=\"wp-block-list\">\n<li><strong><strong>GEOGRAFIE<\/strong><\/strong><\/li>\n\n\n\n<li><strong><strong>GEOGRAFIA TURISMULUI<\/strong><\/strong><\/li>\n\n\n\n<li><strong><strong>PLANIFICARE TERITORIAL\u0102<\/strong><\/strong><\/li>\n\n\n\n<li><strong>GEOINFORMATIC\u0102<\/strong><\/li>\n<\/ul>\n\n\n\n<p><a href=\"https:\/\/admitere.uvt.ro\/procesul-de-admitere\/programe-studii\/?sort=random&amp;ciclul-de-studii=licenta&amp;facultate=chimie-biologie-geografie\">ADMITERE LICEN\u021a\u0102 detalii \u0219i \u00eenscriere online \u2192<\/a><\/p>\n\n\n\n<div style=\"height:28px\" aria-hidden=\"true\" class=\"wp-block-spacer\"><\/div>\n\n\n\n<p class=\"has-secondary-color has-text-color has-link-color has-medium-font-size wp-elements-ad331fddc8b7233df75082e4cce10de6\"><strong>GEOGRAFIE<\/strong><\/p>\n\n\n\n<div class=\"wp-block-columns is-layout-flex wp-container-core-columns-is-layout-28f84493 wp-block-columns-is-layout-flex\">\n<div class=\"wp-block-column is-layout-flow wp-block-column-is-layout-flow\" style=\"flex-basis:500px\">\n<figure class=\"wp-block-video\"><video height=\"1080\" style=\"aspect-ratio: 1920 \/ 1080;\" width=\"1920\" controls poster=\"http:\/\/geografie.uvt.ro\/wp-content\/uploads\/2024\/06\/COPERTA-G-e1718106402678.png\" src=\"http:\/\/geografie.uvt.ro\/wp-content\/uploads\/2024\/06\/Geografie.mp4\"><\/video><\/figure>\n<\/div>\n<\/div>\n\n\n\n<div style=\"height:23px\" aria-hidden=\"true\" class=\"wp-block-spacer\"><\/div>\n\n\n\n<p>Studiul elementelor naturale \u015fi ale societ\u0103\u0163ii \u015fi mai ales a modului cum acestea se interconecteaz\u0103 reprezint\u0103 un topic tot mai des \u00eent\u00e2lnit \u00een comunit\u0103\u0163ile \u015ftiin\u0163ifice, cu ecouri p\u00e2n\u0103 la deciden\u0163ii politici de ast\u0103zi. Geografia, aflat\u0103 la interfa\u0163a natur\u0103-societate permite surprinderea leg\u0103turilor \u015fi influen\u0163elor reciproce dintre cadrul natural \u015fi societatea uman\u0103. \u00cen cadrul acestei specializ\u0103ri studen\u0163ii vor dob\u00e2ndi cuno\u015ftin\u0163e teoretice privind legit\u0103\u0163ile dup\u0103 care elementele cadrului natural se combin\u0103 sub forma unit\u0103\u0163ilor naturale, precum \u015fi a organiz\u0103rii societ\u0103\u0163ii umane sub aspect teritorial. Sub aspect practic, studen\u0163ii vor dob\u00e2ndii capacitatea de a analiza din punct de vedere \u015ftiin\u0163ific elementele cadrului natural \u015fi uman \u015fi de a le exprima utiliz\u00e2nd metode cartografice. P\u00e2n\u0103 la sf\u00e2r\u015fitul studiilor de licen\u0163\u0103 din aceast\u0103 specializare se va urm\u0103ri ca studentul s\u0103 fie capabil s\u0103 realizeze o lucrare \u015ftiin\u0163ific\u0103 sub \u00eendumarea unui profesor coordonator. Diploma de licen\u0163\u0103 \u00een Geografie d\u0103 posibilitatea ob\u0163inerea unui loc de munc\u0103 \u00eentr-o varietate de domenii: educa\u0163ie \u015fi cercetare, serviciile de meteorologie \u015fi hidrologie, adminsitra\u0163ie public\u0103, ONG-uri, firme de diferite profile \u00een care este nevoie de speciali\u015fti \u00een analiz\u0103 spa\u0163ial\u0103: topografie, cartografie, GIS, cadastru, transporturi, amenajarea teritoriului etc.<\/p>\n\n\n\n<p class=\"has-secondary-color has-text-color has-link-color has-medium-font-size wp-elements-fdb2c126ba1d78de9cd45463a99fb3d1\"><strong>GEOGRAFIA TURISMULUI<\/strong><\/p>\n\n\n\n<div class=\"wp-block-columns is-layout-flex wp-container-core-columns-is-layout-28f84493 wp-block-columns-is-layout-flex\">\n<div class=\"wp-block-column is-layout-flow wp-block-column-is-layout-flow\" style=\"flex-basis:500px\">\n<figure class=\"wp-block-video\"><video height=\"1080\" style=\"aspect-ratio: 1920 \/ 1080;\" width=\"1920\" controls poster=\"http:\/\/geografie.uvt.ro\/wp-content\/uploads\/2024\/06\/COPERTA-GT-e1718106251307.png\" src=\"http:\/\/geografie.uvt.ro\/wp-content\/uploads\/2024\/06\/Geografia-Turismului.mp4\"><\/video><\/figure>\n<\/div>\n<\/div>\n\n\n\n<div style=\"height:23px\" aria-hidden=\"true\" class=\"wp-block-spacer\"><\/div>\n\n\n\n<p>La sf\u00e2r\u015fitul ciclului de licen\u0163\u0103 abolven\u0163ii acestei specializ\u0103rii vor avea preg\u0103tit, \u00een mod temeinic, complexul specific de competen\u0163e, abilit\u0103\u0163i \u015fi deprinderi pentru incursiunea acestora \u00een industria turistic\u0103, dispun\u00e2nd de o cunoa\u015ftere si o viziune detaliata asupra mediului geografic, care este at\u00e2t suport al activitatilor specifice turismului, c\u00e2t \u015fi resursa turistic\u0103. Ciclul de studii asigur\u0103 o bun\u0103 pregatire sub raport conceptual pi metodologic \u00eentr-un domeniu de mare actualitate economic\u0103 la nivel na\u0163ional \u015fi interna\u0163ional \u015fi de un un dinamism aparte, care contribuie, \u00een mod nemijlocit, la dezvoltarea socio-economic\u0103 la nivel local, regional, na\u0163ional \u015fi interna\u0163ional. Setul de achizi\u0163ii sub aspect cognitiv, procedural \u015fi ac\u0163ional este completat, pe baza unor discipline \u015ftiin\u0163ifice de mare actualitate, de o fundamentare temeinic\u0103 a principalelor elemente specifice unor domenii conexe din sfera \u015ftiin\u0163elor sociale \u015fi economice. Acestea vizeaz\u0103 principii \u015fi reguli de management \u00een vederea administr\u0103rii resurselor turistice \u015fi a bazei tehnico-materiale, de marketing turistic \u00een contextul valorific\u0103rii optime a poten\u0163ialului turistic natural \u015fi a mo\u015ftenirii socio-culturale at\u00e2t la nivelul spa\u0163iului rom\u00e2nesc, c\u00e2t \u015fi la scar\u0103 interna\u0163ional\u0103. Pregatirea integrat\u0103 a studen\u0163ilor este asigurat\u0103 deopotriv\u0103 de rigoarea caracterului \u015ftiin\u0163ific al domeniului geografic dar \u015fi de specificul interdisciplinar \u015fi multidisciplinar al specializ\u0103rii, atribute care faciliteaz\u0103, \u00een mod direct, inser\u0163ia tinerilor absolven\u0163i pe pia\u0163a na\u0163ional\u0103 \u015fi interna\u0163ional\u0103 a muncii, \u00eentr-un domeniu deosebit de atractiv, care promoveaz\u0103 continuu actul suprem \u015fi at\u00e2t de actual al recre\u0103rii umane, turismul.<\/p>\n\n\n\n<p class=\"has-secondary-color has-text-color has-link-color has-medium-font-size wp-elements-76a9672949950e9a1d572eb3a7ce76d1\"><strong>PLANIFICARE TERITORIAL\u0102<\/strong><\/p>\n\n\n\n<div class=\"wp-block-columns is-layout-flex wp-container-core-columns-is-layout-28f84493 wp-block-columns-is-layout-flex\">\n<div class=\"wp-block-column is-layout-flow wp-block-column-is-layout-flow\" style=\"flex-basis:500px\">\n<figure class=\"wp-block-video\"><video height=\"1080\" style=\"aspect-ratio: 1920 \/ 1080;\" width=\"1920\" controls poster=\"http:\/\/geografie.uvt.ro\/wp-content\/uploads\/2024\/06\/COPERTA-PT-e1718106507750.png\" src=\"http:\/\/geografie.uvt.ro\/wp-content\/uploads\/2024\/06\/Planificare-Teritoriala.mp4\"><\/video><\/figure>\n<\/div>\n<\/div>\n\n\n\n<div style=\"height:23px\" aria-hidden=\"true\" class=\"wp-block-spacer\"><\/div>\n\n\n\n<p>A planifica teritoriul \u00eenseamn\u0103 a-i cunoa\u015fte poten\u0163ialul economic \u015fi natural precum \u015fi modul cum acesta poate fi valorificat \u00een condi\u0163ii optime. Presupune, de asemenea, realizarea unor re\u0163ele func\u0163ionale de transfer a energiei, bunurilor, persoanelor, informa\u0163iilor, edificarea unor infrastructuri de transport moderne, dezvoltarea sitemului de a\u015fez\u0103ri precum \u015fi localizarea ra\u0163ional\u0103 a activit\u0103\u0163ilor industriale \u015fi a dot\u0103rilor social-culturale. Form\u0103m \u00een cadrul acestei specializ\u0103ri anali\u015fti teritoriali care vor avea un rol foarte important \u00een domeniul organiz\u0103rii \u015fi planific\u0103rii teritoriului (la nivel na\u0163ional, regional \u015fi local) \u00een concordan\u0163\u0103 cu cerin\u0163ele societ\u0103\u0163ii \u015fi \u00een contextul integr\u0103rii Rom\u00e2niei \u00een Uniunea European.<\/p>\n\n\n\n<p class=\"has-secondary-color has-text-color has-link-color has-medium-font-size wp-elements-0044f3e1828d16ad517796f710557bad\"><strong>GEOINFORMATIC\u0102<\/strong><\/p>\n\n\n\n<div class=\"wp-block-columns is-layout-flex wp-container-core-columns-is-layout-28f84493 wp-block-columns-is-layout-flex\">\n<div class=\"wp-block-column is-layout-flow wp-block-column-is-layout-flow\" style=\"flex-basis:33.33%\">\n<video width=\"300\"  controls>\n  <source src=\"http:\/\/geografie.uvt.ro\/wp-content\/uploads\/2025\/06\/Geoinformatica\u0306_11.mp4\" type=\"video\/mp4\">\n<\/video>\n<\/div>\n\n\n\n<div class=\"wp-block-column is-layout-flow wp-block-column-is-layout-flow\" style=\"flex-basis:66.66%\">\n<p>E\u0219ti pasionat de geografie \u0219i informatic\u0103? La specializarea Geoinformatic\u0103 le vei putea studia pe am\u00e2ndou\u0103. Alege Geoinformatica \u0219i transform\u0103-\u021bi pasiunea \u00eentr-o profesie transdisciplinar\u0103, care \u00eembin\u0103 geografia, informatica \u0219i solu\u021biile inovatoare pentru un viitor sustenabil!<\/p>\n\n\n\n<p>Ce vei \u00eenv\u0103\u021ba? Cursurile noastre includ subiecte actuale, ca inteligen\u021ba artificial\u0103 \u0219i dezvoltarea ora\u0219elor inteligente (Smart cities), preg\u0103tindu-te s\u0103 faci fa\u021b\u0103 provoc\u0103rilor complexe ale lumii moderne. Vei \u00eenv\u0103\u021ba programare \u0219i tehnici pentru achizi\u021bia \u0219i integrarea datelor geospa\u021biale multisenzor, utiliz\u00e2nd Sisteme Informatice Geografice (GIS) \u0219i Teledetec\u021bie. Vei explora designul cartografic \u0219i analiza Big Data, abord\u00e2nd probleme actuale de mediu si schimb\u0103ri climatice globale. <\/p>\n\n\n\n<p>Vei beneficia de practici de teren \u0219i stagii de specialitate \u00een companii de profil, unde vei aplica cuno\u0219tin\u021bele teoretice \u00een situa\u021bii reale \u0219i vei dob\u00e2ndi experien\u021ba necesar\u0103 pentru o cariera \u00een domeniu.&nbsp;<\/p>\n\n\n\n<p><a href=\"http:\/\/geografie.uvt.ro\/wp-content\/uploads\/2024\/07\/Plan-de-invatamant_Geoinformatica.pdf\">Plan de \u00eenv\u0103\u021b\u0103m\u00e2nt Geoinformatic\u0103<\/a><\/p>\n<\/div>\n<\/div>\n\n\n\n<p><\/p>\n","protected":false},"excerpt":{"rendered":"<p>CICLUL I \u2013 LICEN\u021a\u0102 (3 ANI) Departamentul de Geografie ofer\u0103 patru specializ\u0103ri:&nbsp; ADMITERE LICEN\u021a\u0102 detalii \u0219i \u00eenscriere online \u2192 GEOGRAFIE Studiul elementelor naturale \u015fi ale societ\u0103\u0163ii \u015fi mai ales a modului cum acestea se interconecteaz\u0103 reprezint\u0103 un topic tot mai des \u00eent\u00e2lnit \u00een comunit\u0103\u0163ile \u015ftiin\u0163ifice, cu ecouri p\u00e2n\u0103 la deciden\u0163ii politici de ast\u0103zi. Geografia, aflat\u0103 &hellip; <\/p>\n<p class=\"link-more\"><a href=\"https:\/\/geografie.uvt.ro\/?page_id=8\" class=\"more-link\">Read more<span class=\"screen-reader-text\"> &#8220;Licen\u021b\u0103&#8221;<\/span><\/a><\/p>\n","protected":false},"author":1,"featured_media":0,"parent":0,"menu_order":0,"comment_status":"closed","ping_status":"closed","template":"","meta":{"footnotes":""},"class_list":["post-8","page","type-page","status-publish","hentry"],"_links":{"self":[{"href":"https:\/\/geografie.uvt.ro\/index.php?rest_route=\/wp\/v2\/pages\/8","targetHints":{"allow":["GET"]}}],"collection":[{"href":"https:\/\/geografie.uvt.ro\/index.php?rest_route=\/wp\/v2\/pages"}],"about":[{"href":"https:\/\/geografie.uvt.ro\/index.php?rest_route=\/wp\/v2\/types\/page"}],"author":[{"embeddable":true,"href":"https:\/\/geografie.uvt.ro\/index.php?rest_route=\/wp\/v2\/users\/1"}],"replies":[{"embeddable":true,"href":"https:\/\/geografie.uvt.ro\/index.php?rest_route=%2Fwp%2Fv2%2Fcomments&post=8"}],"version-history":[{"count":70,"href":"https:\/\/geografie.uvt.ro\/index.php?rest_route=\/wp\/v2\/pages\/8\/revisions"}],"predecessor-version":[{"id":701,"href":"https:\/\/geografie.uvt.ro\/index.php?rest_route=\/wp\/v2\/pages\/8\/revisions\/701"}],"wp:attachment":[{"href":"https:\/\/geografie.uvt.ro\/index.php?rest_route=%2Fwp%2Fv2%2Fmedia&parent=8"}],"curies":[{"name":"wp","href":"https:\/\/api.w.org\/{rel}","templated":true}]}}