{"id":11,"date":"2024-06-10T08:40:55","date_gmt":"2024-06-10T08:40:55","guid":{"rendered":"http:\/\/geografie.uvt.ro\/?page_id=11"},"modified":"2024-10-08T10:26:59","modified_gmt":"2024-10-08T10:26:59","slug":"home","status":"publish","type":"page","link":"https:\/\/geografie.uvt.ro\/","title":{"rendered":""},"content":{"rendered":"\n<div class=\"wp-block-cover is-light wp-elements-4a987be833e06837e8b8f53fd4025150 wp-duotone-unset-1\" style=\"margin-top:0;margin-bottom:0;padding-top:0;padding-bottom:0;min-height:632px;aspect-ratio:unset;\"><span aria-hidden=\"true\" class=\"wp-block-cover__background has-foreground-background-color has-background-dim-0 has-background-dim\"><\/span><img loading=\"lazy\" decoding=\"async\" width=\"2560\" height=\"2560\" class=\"wp-block-cover__image-background wp-image-320\" alt=\"\" src=\"http:\/\/geografie.uvt.ro\/wp-content\/uploads\/2024\/06\/pexels-curiosophotography-288100-scaled.jpg\" data-object-fit=\"cover\" srcset=\"https:\/\/geografie.uvt.ro\/wp-content\/uploads\/2024\/06\/pexels-curiosophotography-288100-scaled.jpg 2560w, https:\/\/geografie.uvt.ro\/wp-content\/uploads\/2024\/06\/pexels-curiosophotography-288100-300x300.jpg 300w, https:\/\/geografie.uvt.ro\/wp-content\/uploads\/2024\/06\/pexels-curiosophotography-288100-1024x1024.jpg 1024w, https:\/\/geografie.uvt.ro\/wp-content\/uploads\/2024\/06\/pexels-curiosophotography-288100-150x150.jpg 150w, https:\/\/geografie.uvt.ro\/wp-content\/uploads\/2024\/06\/pexels-curiosophotography-288100-2000x2000.jpg 2000w\" sizes=\"auto, (max-width: 2560px) 100vw, 2560px\" \/><div class=\"wp-block-cover__inner-container is-layout-flow wp-container-core-cover-is-layout-26b370da wp-block-cover-is-layout-flow\">\n<p class=\"has-text-align-center has-white-color has-text-color has-link-color wp-elements-95b18f84d97902cc4238c001f380a2a7\" style=\"padding-top:0;padding-right:0;padding-bottom:0;padding-left:0;font-size:clamp(39.111px, 2.444rem + ((1vw - 3.2px) * 3.53), 73px);\"><strong>Departamentul de Geografie<\/strong><\/p>\n<\/div><\/div>\n\n\n\n<div class=\"wp-block-group alignfull pattern_multiple_covers has-foreground-background-color has-background has-global-padding is-content-justification-center is-layout-constrained wp-container-core-group-is-layout-aacdb987 wp-block-group-is-layout-constrained\" id=\"services\" style=\"margin-top:0;margin-bottom:0;padding-top:var(--wp--preset--spacing--x-large);padding-right:0;padding-bottom:var(--wp--preset--spacing--x-large);padding-left:0\">\n<div class=\"wp-block-columns is-layout-flex wp-container-core-columns-is-layout-28f84493 wp-block-columns-is-layout-flex\">\n<div class=\"wp-block-column is-layout-flow wp-block-column-is-layout-flow\" style=\"padding-top:0;padding-right:0;padding-bottom:0;padding-left:0\">\n<div class=\"wp-block-cover is-light\" style=\"padding-top:var(--wp--preset--spacing--small);padding-right:0;padding-bottom:var(--wp--preset--spacing--small);padding-left:0\"><span aria-hidden=\"true\" class=\"wp-block-cover__background has-primary-background-color has-background-dim-20 has-background-dim\"><\/span><img loading=\"lazy\" decoding=\"async\" width=\"512\" height=\"512\" class=\"wp-block-cover__image-background wp-image-80\" alt=\"\" src=\"http:\/\/geografie.uvt.ro\/wp-content\/uploads\/2024\/06\/1-specializari.jpg\" data-object-fit=\"cover\" srcset=\"https:\/\/geografie.uvt.ro\/wp-content\/uploads\/2024\/06\/1-specializari.jpg 512w, https:\/\/geografie.uvt.ro\/wp-content\/uploads\/2024\/06\/1-specializari-300x300.jpg 300w, https:\/\/geografie.uvt.ro\/wp-content\/uploads\/2024\/06\/1-specializari-150x150.jpg 150w\" sizes=\"auto, (max-width: 512px) 100vw, 512px\" \/><div class=\"wp-block-cover__inner-container is-layout-flow wp-block-cover-is-layout-flow\">\n<h3 class=\"wp-block-heading has-text-align-center has-white-color has-text-color\" style=\"margin-top:0;margin-right:0;margin-bottom:0;margin-left:0;font-size:clamp(18.959px, 1.185rem + ((1vw - 3.2px) * 1.15), 30px);\"><strong>Specializ\u0103ri<\/strong> <a href=\"http:\/\/geografie.uvt.ro\/?page_id=8\">\u2192<\/a><\/h3>\n<\/div><\/div>\n<\/div>\n\n\n\n<div class=\"wp-block-column is-layout-flow wp-block-column-is-layout-flow\" style=\"padding-top:0;padding-right:0;padding-bottom:0;padding-left:0\">\n<div class=\"wp-block-cover\" style=\"padding-top:var(--wp--preset--spacing--small);padding-right:0;padding-bottom:var(--wp--preset--spacing--small);padding-left:0\"><span aria-hidden=\"true\" class=\"wp-block-cover__background has-primary-background-color has-background-dim-20 has-background-dim\"><\/span><img loading=\"lazy\" decoding=\"async\" width=\"512\" height=\"512\" class=\"wp-block-cover__image-background wp-image-81\" alt=\"\" src=\"http:\/\/geografie.uvt.ro\/wp-content\/uploads\/2024\/06\/2-activitati-de-teren.jpg\" style=\"object-position:50% 51%\" data-object-fit=\"cover\" data-object-position=\"50% 51%\" srcset=\"https:\/\/geografie.uvt.ro\/wp-content\/uploads\/2024\/06\/2-activitati-de-teren.jpg 512w, https:\/\/geografie.uvt.ro\/wp-content\/uploads\/2024\/06\/2-activitati-de-teren-300x300.jpg 300w, https:\/\/geografie.uvt.ro\/wp-content\/uploads\/2024\/06\/2-activitati-de-teren-150x150.jpg 150w\" sizes=\"auto, (max-width: 512px) 100vw, 512px\" \/><div class=\"wp-block-cover__inner-container is-layout-flow wp-block-cover-is-layout-flow\">\n<h3 class=\"wp-block-heading has-text-align-center has-white-color has-text-color\" style=\"margin-top:0;margin-right:0;margin-bottom:0;margin-left:0;font-size:clamp(18.959px, 1.185rem + ((1vw - 3.2px) * 1.15), 30px);\"><strong>Activit\u0103\u021bi de teren<\/strong> <a href=\"http:\/\/geografie.uvt.ro\/?page_id=2\" data-type=\"page\" data-id=\"2\">\u2192<\/a><\/h3>\n<\/div><\/div>\n<\/div>\n\n\n\n<div class=\"wp-block-column is-layout-flow wp-block-column-is-layout-flow\">\n<div class=\"wp-block-cover aligncenter is-light\" style=\"padding-top:var(--wp--preset--spacing--small);padding-right:0;padding-bottom:var(--wp--preset--spacing--small);padding-left:0\"><span aria-hidden=\"true\" class=\"wp-block-cover__background has-primary-background-color has-background-dim-20 has-background-dim\"><\/span><img loading=\"lazy\" decoding=\"async\" width=\"512\" height=\"512\" class=\"wp-block-cover__image-background wp-image-82\" alt=\"\" src=\"http:\/\/geografie.uvt.ro\/wp-content\/uploads\/2024\/06\/3-cercetare-1.jpg\" data-object-fit=\"cover\" srcset=\"https:\/\/geografie.uvt.ro\/wp-content\/uploads\/2024\/06\/3-cercetare-1.jpg 512w, https:\/\/geografie.uvt.ro\/wp-content\/uploads\/2024\/06\/3-cercetare-1-300x300.jpg 300w, https:\/\/geografie.uvt.ro\/wp-content\/uploads\/2024\/06\/3-cercetare-1-150x150.jpg 150w\" sizes=\"auto, (max-width: 512px) 100vw, 512px\" \/><div class=\"wp-block-cover__inner-container is-layout-flow wp-block-cover-is-layout-flow\">\n<h3 class=\"wp-block-heading has-text-align-center has-white-color has-text-color\" style=\"margin-top:0;margin-right:0;margin-bottom:0;margin-left:0;font-size:clamp(18.959px, 1.185rem + ((1vw - 3.2px) * 1.15), 30px);\"><strong>Cercetare<\/strong><\/h3>\n<\/div><\/div>\n<\/div>\n<\/div>\n\n\n\n<h2 class=\"wp-block-heading has-text-align-center has-white-color has-text-color has-link-color has-medium-font-size wp-elements-7fca78644d08b80b126fb415cdd00966\" style=\"letter-spacing:1px\">HELLO WORLD!<\/h2>\n\n\n\n<p class=\"has-text-align-center has-white-color has-text-color has-link-color wp-elements-aecde70d0336f3e80628db3bf9d73e12\">Geografia contemporan\u0103 nu mai seam\u0103n\u0103 cu o enciclopedie de \u021b\u0103ri \u0219i capitale, mun\u021bi \u0219i r\u00e2uri, ora\u0219e \u0219i num\u0103rul lor de locuitori. Lumea se schimb\u0103 permanent, nimeni nu poate s\u0103 memoreze nume, numere, clasamente\u2026 \u00een ritmul schimb\u0103rii. \u0218i nimeni nu are nevoie de asta.&nbsp;Ca geografi, \u00eencerc\u0103m s\u0103 \u00een\u021belegem leg\u0103turile dup\u0103 care natura evolueaz\u0103, cu \u00eenc\u0103lzirea climei, dezastre naturale, rela\u021bii comerciale, terorism, muzic\u0103\u2026 Tot ce se \u00eent\u00e2mpl\u0103 pe Terra poate fi exprimat printr-o hart\u0103.&nbsp;<\/p>\n\n\n\n<div class=\"wp-block-buttons is-horizontal is-content-justification-center is-layout-flex wp-container-core-buttons-is-layout-03627597 wp-block-buttons-is-layout-flex\">\n<div class=\"wp-block-button has-custom-font-size is-style-fill has-small-font-size\"><a class=\"wp-block-button__link has-lightgrey-color has-secondary-background-color has-text-color has-background has-link-color wp-element-button\" href=\"https:\/\/cbg.uvt.ro\/facultate\/conducere-facultate\/departament-geografie\/\" style=\"border-style:none;border-width:0px;border-radius:0px\">Despre noi<\/a><\/div>\n<\/div>\n<\/div>\n\n\n\n<div class=\"wp-block-group alignfull has-foreground-background-color has-background has-global-padding is-layout-constrained wp-block-group-is-layout-constrained\">\n<div class=\"wp-block-group has-foreground-background-color has-background has-global-padding is-layout-constrained wp-block-group-is-layout-constrained\" style=\"padding-top:0;padding-bottom:0\">\n<div class=\"wp-block-columns is-layout-flex wp-container-core-columns-is-layout-c375d253 wp-block-columns-is-layout-flex\">\n<div class=\"wp-block-column is-vertically-aligned-center is-layout-flow wp-block-column-is-layout-flow\">\n<div class=\"wp-block-group alignfull pattern_multiple_covers has-foreground-background-color has-background has-global-padding is-layout-constrained wp-block-group-is-layout-constrained\" id=\"services\">\n<p class=\"has-text-align-center has-white-color has-text-color has-large-font-size\" style=\"letter-spacing:1px\">Specializ\u0103ri <strong>LICEN\u021a\u0102 <\/strong><\/p>\n\n\n\n<div class=\"wp-block-columns is-layout-flex wp-container-core-columns-is-layout-28f84493 wp-block-columns-is-layout-flex\">\n<div class=\"wp-block-column is-layout-flow wp-block-column-is-layout-flow\" style=\"padding-top:0;padding-right:0;padding-bottom:0;padding-left:0\">\n<figure class=\"wp-block-image size-full\"><a href=\"http:\/\/geografie.uvt.ro\/?page_id=8\"><img loading=\"lazy\" decoding=\"async\" width=\"350\" height=\"494\" src=\"http:\/\/geografie.uvt.ro\/wp-content\/uploads\/2024\/06\/G_F_MIC.png\" alt=\"\" class=\"wp-image-367\" srcset=\"https:\/\/geografie.uvt.ro\/wp-content\/uploads\/2024\/06\/G_F_MIC.png 350w, https:\/\/geografie.uvt.ro\/wp-content\/uploads\/2024\/06\/G_F_MIC-213x300.png 213w\" sizes=\"auto, (max-width: 350px) 100vw, 350px\" \/><\/a><\/figure>\n<\/div>\n\n\n\n<div class=\"wp-block-column is-layout-flow wp-block-column-is-layout-flow\" style=\"padding-top:0;padding-right:0;padding-bottom:0;padding-left:0\">\n<figure class=\"wp-block-image size-large\"><a href=\"http:\/\/geografie.uvt.ro\/?page_id=8\"><img loading=\"lazy\" decoding=\"async\" width=\"724\" height=\"1024\" src=\"http:\/\/geografie.uvt.ro\/wp-content\/uploads\/2024\/06\/GT-724x1024.png\" alt=\"\" class=\"wp-image-360\" srcset=\"https:\/\/geografie.uvt.ro\/wp-content\/uploads\/2024\/06\/GT-724x1024.png 724w, https:\/\/geografie.uvt.ro\/wp-content\/uploads\/2024\/06\/GT-212x300.png 212w, https:\/\/geografie.uvt.ro\/wp-content\/uploads\/2024\/06\/GT-2000x2828.png 2000w\" sizes=\"auto, (max-width: 724px) 100vw, 724px\" \/><\/a><\/figure>\n<\/div>\n\n\n\n<div class=\"wp-block-column is-layout-flow wp-block-column-is-layout-flow\">\n<figure class=\"wp-block-image size-large\"><a href=\"http:\/\/geografie.uvt.ro\/?page_id=8\"><img loading=\"lazy\" decoding=\"async\" width=\"724\" height=\"1024\" src=\"http:\/\/geografie.uvt.ro\/wp-content\/uploads\/2024\/06\/PT-724x1024.png\" alt=\"\" class=\"wp-image-362\" srcset=\"https:\/\/geografie.uvt.ro\/wp-content\/uploads\/2024\/06\/PT-724x1024.png 724w, https:\/\/geografie.uvt.ro\/wp-content\/uploads\/2024\/06\/PT-212x300.png 212w, https:\/\/geografie.uvt.ro\/wp-content\/uploads\/2024\/06\/PT-2000x2828.png 2000w\" sizes=\"auto, (max-width: 724px) 100vw, 724px\" \/><\/a><\/figure>\n<\/div>\n\n\n\n<div class=\"wp-block-column is-layout-flow wp-block-column-is-layout-flow\" style=\"padding-top:0;padding-right:0;padding-bottom:0;padding-left:0\">\n<figure class=\"wp-block-image size-full is-resized\"><a href=\"http:\/\/geografie.uvt.ro\/?page_id=8\"><img loading=\"lazy\" decoding=\"async\" width=\"1122\" height=\"1587\" src=\"http:\/\/geografie.uvt.ro\/wp-content\/uploads\/2024\/06\/GI-REDIMENSIONAT.png\" alt=\"\" class=\"wp-image-373\" style=\"width:249px;height:auto\" srcset=\"https:\/\/geografie.uvt.ro\/wp-content\/uploads\/2024\/06\/GI-REDIMENSIONAT.png 1122w, https:\/\/geografie.uvt.ro\/wp-content\/uploads\/2024\/06\/GI-REDIMENSIONAT-212x300.png 212w, https:\/\/geografie.uvt.ro\/wp-content\/uploads\/2024\/06\/GI-REDIMENSIONAT-724x1024.png 724w\" sizes=\"auto, (max-width: 1122px) 100vw, 1122px\" \/><\/a><\/figure>\n\n\n\n<p class=\"has-text-align-center has-text-color has-link-color wp-elements-e2f20323bccb2f344d77306ac0db82b6\" style=\"color:#ff0000\"><\/p>\n<\/div>\n<\/div>\n<\/div>\n<\/div>\n<\/div>\n<\/div>\n<\/div>\n\n\n\n<p class=\"has-text-align-center has-secondary-color has-foreground-background-color has-text-color has-background has-link-color wp-elements-75dc159dd26b9e61e28cec65d25cfd78\"><a href=\"https:\/\/admitere.uvt.ro\/procesul-de-admitere\/programe-studii\/?sort=random&amp;ciclul-de-studii=licenta&amp;facultate=chimie-biologie-geografie\"><strong>ADMITERE LICEN\u021a\u0102 detalii \u0219i \u00eenscriere online \u2192<\/strong><\/a><\/p>\n\n\n\n<div class=\"wp-block-group alignfull has-foreground-background-color has-background has-global-padding is-layout-constrained wp-block-group-is-layout-constrained\">\n<div class=\"wp-block-group has-foreground-background-color has-background has-global-padding is-layout-constrained wp-block-group-is-layout-constrained\" style=\"padding-top:0;padding-bottom:0\">\n<div class=\"wp-block-columns is-layout-flex wp-container-core-columns-is-layout-c375d253 wp-block-columns-is-layout-flex\">\n<div class=\"wp-block-column is-vertically-aligned-center is-layout-flow wp-block-column-is-layout-flow\">\n<div class=\"wp-block-group alignfull pattern_multiple_covers has-foreground-background-color has-background has-global-padding is-layout-constrained wp-block-group-is-layout-constrained\" id=\"services\">\n<p class=\"has-text-align-center has-white-color has-text-color has-link-color has-large-font-size wp-elements-732a23da4fe19eacf1a130e4d9fc0650\">Specializ\u0103ri <strong><strong>MASTER<\/strong><\/strong><\/p>\n\n\n\n<div class=\"wp-block-columns is-layout-flex wp-container-core-columns-is-layout-28f84493 wp-block-columns-is-layout-flex\">\n<div class=\"wp-block-column is-layout-flow wp-block-column-is-layout-flow\" style=\"padding-top:0;padding-right:0;padding-bottom:0;padding-left:0\">\n<figure class=\"wp-block-image aligncenter size-large is-resized\"><a href=\"http:\/\/geografie.uvt.ro\/?page_id=387\"><img loading=\"lazy\" decoding=\"async\" width=\"724\" height=\"1024\" src=\"http:\/\/geografie.uvt.ro\/wp-content\/uploads\/2024\/06\/PDDT-NOU-724x1024.png\" alt=\"\" class=\"wp-image-315\" style=\"object-fit:contain;width:300px;height:350px\" srcset=\"https:\/\/geografie.uvt.ro\/wp-content\/uploads\/2024\/06\/PDDT-NOU-724x1024.png 724w, https:\/\/geografie.uvt.ro\/wp-content\/uploads\/2024\/06\/PDDT-NOU-212x300.png 212w, https:\/\/geografie.uvt.ro\/wp-content\/uploads\/2024\/06\/PDDT-NOU-2000x2828.png 2000w\" sizes=\"auto, (max-width: 724px) 100vw, 724px\" \/><\/a><\/figure>\n<\/div>\n\n\n\n<div class=\"wp-block-column is-layout-flow wp-block-column-is-layout-flow\" style=\"padding-top:0;padding-right:0;padding-bottom:0;padding-left:0\">\n<figure class=\"wp-block-image aligncenter size-large is-resized\"><a href=\"http:\/\/geografie.uvt.ro\/?page_id=387\"><img loading=\"lazy\" decoding=\"async\" width=\"724\" height=\"1024\" src=\"http:\/\/geografie.uvt.ro\/wp-content\/uploads\/2024\/06\/DAT-NOU-724x1024.png\" alt=\"\" class=\"wp-image-316\" style=\"object-fit:contain;width:300px;height:350px\" srcset=\"https:\/\/geografie.uvt.ro\/wp-content\/uploads\/2024\/06\/DAT-NOU-724x1024.png 724w, https:\/\/geografie.uvt.ro\/wp-content\/uploads\/2024\/06\/DAT-NOU-212x300.png 212w, https:\/\/geografie.uvt.ro\/wp-content\/uploads\/2024\/06\/DAT-NOU-2000x2828.png 2000w\" sizes=\"auto, (max-width: 724px) 100vw, 724px\" \/><\/a><\/figure>\n<\/div>\n\n\n\n<div class=\"wp-block-column is-layout-flow wp-block-column-is-layout-flow\">\n<figure class=\"wp-block-image aligncenter size-large is-resized\"><a href=\"http:\/\/geografie.uvt.ro\/?page_id=387\"><img loading=\"lazy\" decoding=\"async\" width=\"724\" height=\"1024\" src=\"http:\/\/geografie.uvt.ro\/wp-content\/uploads\/2024\/06\/GIS-NOU-724x1024.png\" alt=\"\" class=\"wp-image-317\" style=\"object-fit:contain;width:300px;height:350px\" srcset=\"https:\/\/geografie.uvt.ro\/wp-content\/uploads\/2024\/06\/GIS-NOU-724x1024.png 724w, https:\/\/geografie.uvt.ro\/wp-content\/uploads\/2024\/06\/GIS-NOU-212x300.png 212w, https:\/\/geografie.uvt.ro\/wp-content\/uploads\/2024\/06\/GIS-NOU-2000x2828.png 2000w\" sizes=\"auto, (max-width: 724px) 100vw, 724px\" \/><\/a><\/figure>\n<\/div>\n<\/div>\n<\/div>\n<\/div>\n<\/div>\n<\/div>\n<\/div>\n\n\n\n<p class=\"has-text-align-center has-secondary-color has-foreground-background-color has-text-color has-background has-link-color wp-elements-e4c797217e61fa30f89022ef33610549\"><strong><a href=\"https:\/\/admitere.uvt.ro\/procesul-de-admitere\/programe-studii\/?sort=random&amp;ciclul-de-studii=master&amp;facultate=chimie-biologie-geografie\">ADMITERE MASTER detalii <strong>\u0219i \u00eenscriere online<\/strong> \u2192<\/a><\/strong><\/p>\n\n\n\n<div class=\"wp-block-group alignfull has-foreground-background-color has-background has-global-padding is-layout-constrained wp-block-group-is-layout-constrained\">\n<div class=\"wp-block-group has-foreground-background-color has-background has-global-padding is-layout-constrained wp-block-group-is-layout-constrained\" style=\"padding-top:0;padding-bottom:0\">\n<div style=\"height:30px\" aria-hidden=\"true\" class=\"wp-block-spacer\"><\/div>\n\n\n\n<div class=\"wp-block-columns are-vertically-aligned-center is-layout-flex wp-container-core-columns-is-layout-c375d253 wp-block-columns-is-layout-flex\">\n<div class=\"wp-block-column is-vertically-aligned-center is-layout-flow wp-block-column-is-layout-flow\">\n<figure class=\"wp-block-image size-large is-resized is-style-default\"><img loading=\"lazy\" decoding=\"async\" width=\"1024\" height=\"683\" src=\"http:\/\/geografie.uvt.ro\/wp-content\/uploads\/2024\/06\/foto-6-1024x683.jpg\" alt=\"\" class=\"wp-image-121\" style=\"aspect-ratio:1;object-fit:cover;width:504px;height:auto\" srcset=\"https:\/\/geografie.uvt.ro\/wp-content\/uploads\/2024\/06\/foto-6-1024x683.jpg 1024w, https:\/\/geografie.uvt.ro\/wp-content\/uploads\/2024\/06\/foto-6-300x200.jpg 300w, https:\/\/geografie.uvt.ro\/wp-content\/uploads\/2024\/06\/foto-6-768x512.jpg 768w, https:\/\/geografie.uvt.ro\/wp-content\/uploads\/2024\/06\/foto-6-1536x1025.jpg 1536w, https:\/\/geografie.uvt.ro\/wp-content\/uploads\/2024\/06\/foto-6-2048x1367.jpg 2048w, https:\/\/geografie.uvt.ro\/wp-content\/uploads\/2024\/06\/foto-6-930x620.jpg 930w\" sizes=\"auto, (max-width: 1024px) 100vw, 1024px\" \/><\/figure>\n<\/div>\n\n\n\n<div class=\"wp-block-column is-vertically-aligned-center is-layout-flow wp-block-column-is-layout-flow\">\n<h2 class=\"wp-block-heading has-secondary-color has-text-color has-link-color has-large-font-size wp-elements-25fa5337023171cfcc441a48c3ef2013\" style=\"text-transform:uppercase\"><strong>Activit\u0103\u021bi de teren<\/strong><\/h2>\n\n\n\n<p class=\"has-white-color has-text-color has-link-color wp-elements-7cec500316147749b212780de70f3e2b\">Te-ai \u00eentrebat vreodat\u0103 cum ar fi s\u0103 ie\u0219i din sala de clas\u0103 \u0219i s\u0103 explorezi lumea real\u0103? <\/p>\n\n\n\n<p class=\"has-white-color has-text-color has-link-color wp-elements-e89fe0db97a6aafa7d1007ff5a9a7571\">Practicile de specialitate desf\u0103\u0219urate \u00een teren, oferite exclusiv studen\u021bilor geografi, \u00ee\u021bi permit s\u0103 aplici cuno\u0219tin\u021bele teoretice \u00een situa\u021bii reale. Aceste experien\u021be te ajut\u0103 s\u0103 \u00een\u021belegi mai bine fenomenele geografice, s\u0103 dezvol\u021bi abilit\u0103\u021bi practice \u0219i s\u0103 colaborezi cu exper\u021bi din domeniu. Particip\u00e2nd la aceste practici, nu doar c\u0103 \u00ee\u021bi \u00eembun\u0103t\u0103\u021be\u0219ti \u00een\u021belegerea academic\u0103, dar \u0219i \u00ee\u021bi preg\u0103te\u0219ti cariera, asigur\u00e2ndu-\u021bi un avantaj competitiv \u00een diverse domenii.<\/p>\n\n\n\n<div class=\"wp-block-buttons is-layout-flex wp-block-buttons-is-layout-flex\">\n<div class=\"wp-block-button is-style-fill\"><a class=\"wp-block-button__link has-white-color has-secondary-background-color has-text-color has-background has-link-color wp-element-button\" href=\"http:\/\/geografie.uvt.ro\/?page_id=2\" style=\"border-radius:0px\">Detalii<\/a><\/div>\n<\/div>\n<\/div>\n<\/div>\n<\/div>\n<\/div>\n\n\n\n<div class=\"wp-block-group alignfull has-foreground-background-color has-background has-global-padding is-layout-constrained wp-block-group-is-layout-constrained\">\n<div class=\"wp-block-group has-foreground-background-color has-background has-global-padding is-layout-constrained wp-block-group-is-layout-constrained\" style=\"padding-top:var(--wp--preset--spacing--small);padding-bottom:var(--wp--preset--spacing--small)\">\n<div class=\"wp-block-columns are-vertically-aligned-center is-layout-flex wp-container-core-columns-is-layout-c375d253 wp-block-columns-is-layout-flex\">\n<div class=\"wp-block-column is-vertically-aligned-center is-layout-flow wp-block-column-is-layout-flow\" style=\"flex-basis:600px\">\n<h2 class=\"wp-block-heading has-secondary-color has-text-color has-link-color has-large-font-size wp-elements-7a43364de4934c5979fe13c99785cec0\" style=\"text-transform:uppercase\"><strong>CERCETARE<\/strong><\/h2>\n\n\n\n<p class=\"has-white-color has-text-color has-link-color wp-elements-ef8eb74baf7cd04bbf591358e9a25d3c\">\u2022 Probleme de geomorfologie aplicat\u0103 \u0219i studiul resurselor din spa\u021biile montane \u0219i din zonele umede de c\u00e2mpie <a href=\"http:\/\/geografie.uvt.ro\/?page_id=479\" data-type=\"page\" data-id=\"479\"><strong>\u2192<\/strong><\/a><\/p>\n\n\n\n<p class=\"has-white-color has-text-color has-link-color wp-elements-70a55d4e13bf722aec577ab3f50f0332\">\u2022 GIS \u0219i Teledetec\u021bie<\/p>\n\n\n\n<p class=\"has-white-color has-text-color has-link-color wp-elements-9b6fe506a8ffbfe1a21ea02bfc1b973e\">\u2022 Cercetarea fenomenelor geografice de risc \u0219i a peisajelor din domeniul montan \u00eenalt<\/p>\n\n\n\n<p class=\"has-white-color has-text-color has-link-color wp-elements-ef07c0395b285750fca6c593d56911b2\">\u2022 Studiul fenomenului turistic: poten\u021bial, valorificare, impact<\/p>\n\n\n\n<p class=\"has-white-color has-text-color has-link-color wp-elements-bf0ca31f8777ae2ba3c33d06d017db9b\">\u2022 Dinamica social\u0103 \u0219i dezvoltarea regional\u0103: identitate, mobilitate, disparit\u0103\u021bi <a href=\"http:\/\/geografie.uvt.ro\/?page_id=339\" data-type=\"page\" data-id=\"339\"><strong>\u2192<\/strong><\/a><\/p>\n\n\n\n<p class=\"has-white-color has-text-color has-link-color wp-elements-abf55c8a09f190fe0adbefc27b87f38d\">\u2022 Analiza spa\u021biilor urbane \u0219i rurale: dinamic\u0103, func\u021bionalit\u0103\u021bi, regenerare \u0219i restructurare urban\u0103 \u0219i rural\u0103<\/p>\n\n\n\n<p class=\"has-white-color has-text-color has-link-color wp-elements-73f01ad084d179d47a17f21af9b50b96\">\u2022 Cartografierea \u0219i evaluarea solurilor \u0219i a utiliz\u0103rii terenurilor prin tehnologii geospa\u021biale <a href=\"https:\/\/gis.uvt.ro\/\"><span style=\"text-decoration: underline;\"><strong>\u2192<\/strong><\/span><\/a><\/p>\n\n\n\n<p class=\"has-white-color has-text-color has-link-color wp-elements-fef43cd0d31b3adf6968adbc51a537b6\">\u2022 Schimb\u0103ri climatice, meteorologie\/climatologie \u0219i studii de hidrologie<\/p>\n\n\n\n<p class=\"has-white-color has-text-color has-link-color wp-elements-7f57b3bdc3de7d10570407a2d178533d\">\u2022 Cartografie digital\u0103, WEB GIS \u0219i h\u0103r\u021bi tactile <strong><a href=\"http:\/\/geografie.uvt.ro\/?page_id=561\" data-type=\"page\" data-id=\"561\">\u2192<\/a><\/strong><\/p>\n<\/div>\n\n\n\n<div class=\"wp-block-column is-vertically-aligned-center is-layout-flow wp-block-column-is-layout-flow\">\n<figure class=\"wp-block-image size-full\"><img loading=\"lazy\" decoding=\"async\" width=\"512\" height=\"512\" src=\"http:\/\/geografie.uvt.ro\/wp-content\/uploads\/2024\/06\/3-cercetare-1.jpg\" alt=\"\" class=\"wp-image-82\" srcset=\"https:\/\/geografie.uvt.ro\/wp-content\/uploads\/2024\/06\/3-cercetare-1.jpg 512w, https:\/\/geografie.uvt.ro\/wp-content\/uploads\/2024\/06\/3-cercetare-1-300x300.jpg 300w, https:\/\/geografie.uvt.ro\/wp-content\/uploads\/2024\/06\/3-cercetare-1-150x150.jpg 150w\" sizes=\"auto, (max-width: 512px) 100vw, 512px\" \/><\/figure>\n<\/div>\n<\/div>\n<\/div>\n<\/div>\n\n\n\n<div class=\"wp-block-group alignfull has-foreground-background-color has-background has-global-padding is-layout-constrained wp-block-group-is-layout-constrained\">\n<div class=\"wp-block-group has-foreground-background-color has-background has-global-padding is-layout-constrained wp-block-group-is-layout-constrained\" style=\"padding-top:0;padding-bottom:0\">\n<div class=\"wp-block-columns are-vertically-aligned-center is-layout-flex wp-container-core-columns-is-layout-c375d253 wp-block-columns-is-layout-flex\">\n<div class=\"wp-block-column is-vertically-aligned-center is-layout-flow wp-block-column-is-layout-flow\" style=\"flex-basis:600px\">\n<h2 class=\"wp-block-heading has-secondary-color has-text-color has-link-color has-large-font-size wp-elements-9bcca0d9217d8c6ca5882ab1898e3856\" style=\"text-transform:uppercase\"><strong>CONTACT<\/strong><\/h2>\n\n\n\n<p class=\"has-white-color has-text-color has-link-color has-medium-font-size wp-elements-36579e5ccca9c53ed9c2f5ffc48ae915\"><strong>S\u0103lile \u015fi laboratoarele<\/strong><br><a href=\"https:\/\/www.google.ro\/maps\/place\/Universitatea+de+Vest\/@45.747378,21.230348,17z\/data=!3m1!4b1!4m2!3m1!1s0x47455d84610655bf:0xfd169ff24d29f192\"><span style=\"text-decoration: underline;\">Bulevardul Vasile P\u00e2rvan, nr. 4<\/span><\/a>, Timi\u015foara, Rom\u00e2nia<\/p>\n\n\n\n<iframe src=\"https:\/\/www.google.com\/maps\/embed?pb=!1m18!1m12!1m3!1d4683.572678783937!2d21.230716073547335!3d45.74699393356511!2m3!1f0!2f0!3f0!3m2!1i1024!2i768!4f13.1!3m3!1m2!1s0x47455d84610655bf%3A0xfd169ff24d29f192!2sWest%20University%20of%20Timi%C8%99oara!5e0!3m2!1sen!2sro!4v1718107853301!5m2!1sen!2sro\" width=\"600\" height=\"450\" style=\"border:0;\" allowfullscreen=\"\" loading=\"lazy\" referrerpolicy=\"no-referrer-when-downgrade\"><\/iframe>\n\n\n\n<p class=\"has-white-color has-text-color has-link-color has-medium-font-size wp-elements-82fe926fd49d5c53ea6e99c232bb4596\"><strong>Secretariatul facult\u0103\u021bii<\/strong><br><a href=\"https:\/\/maps.google.ro\/maps?q=Facultatea%2Bde%2BChimie%2BBiologie%2BGeografie&amp;hl=ro&amp;cid=1372819284655789456&amp;gl=RO&amp;t=m&amp;z=16&amp;iwloc=A\">Str. I.H. Pestalozzi, nr. 16<\/a>, Timi\u015foara, Rom\u00e2nia<\/p>\n\n\n\n<iframe src=\"https:\/\/www.google.com\/maps\/embed?pb=!1m18!1m12!1m3!1d2784.5079312994244!2d21.243807427246836!3d45.754230819841645!2m3!1f0!2f0!3f0!3m2!1i1024!2i768!4f13.1!3m3!1m2!1s0x47456762e2e5ff6f%3A0x130d3bddaab6d590!2sFaculty%20of%20Chemistry%2C%20Biology%2C%20Geography!5e0!3m2!1sen!2sro!4v1718108203368!5m2!1sen!2sro\" width=\"600\" height=\"450\" style=\"border:0;\" allowfullscreen=\"\" loading=\"lazy\" referrerpolicy=\"no-referrer-when-downgrade\"><\/iframe>\n\n\n\n<p><\/p>\n<\/div>\n\n\n\n<div class=\"wp-block-column is-vertically-aligned-center is-layout-flow wp-block-column-is-layout-flow\"><\/div>\n<\/div>\n<\/div>\n<\/div>\n","protected":false},"excerpt":{"rendered":"<p>HELLO WORLD! Geografia contemporan\u0103 nu mai seam\u0103n\u0103 cu o enciclopedie de \u021b\u0103ri \u0219i capitale, mun\u021bi \u0219i r\u00e2uri, ora\u0219e \u0219i num\u0103rul lor de locuitori. Lumea se schimb\u0103 permanent, nimeni nu poate s\u0103 memoreze nume, numere, clasamente\u2026 \u00een ritmul schimb\u0103rii. \u0218i nimeni nu are nevoie de asta.&nbsp;Ca geografi, \u00eencerc\u0103m s\u0103 \u00een\u021belegem leg\u0103turile dup\u0103 care natura evolueaz\u0103, cu &hellip; <\/p>\n<p class=\"link-more\"><a href=\"https:\/\/geografie.uvt.ro\/\" class=\"more-link\">Read more<span class=\"screen-reader-text\"> &#8220;&#8221;<\/span><\/a><\/p>\n","protected":false},"author":1,"featured_media":121,"parent":0,"menu_order":0,"comment_status":"closed","ping_status":"closed","template":"page-templates\/homepage-no-hero.php","meta":{"footnotes":""},"class_list":["post-11","page","type-page","status-publish","has-post-thumbnail","hentry"],"_links":{"self":[{"href":"https:\/\/geografie.uvt.ro\/index.php?rest_route=\/wp\/v2\/pages\/11","targetHints":{"allow":["GET"]}}],"collection":[{"href":"https:\/\/geografie.uvt.ro\/index.php?rest_route=\/wp\/v2\/pages"}],"about":[{"href":"https:\/\/geografie.uvt.ro\/index.php?rest_route=\/wp\/v2\/types\/page"}],"author":[{"embeddable":true,"href":"https:\/\/geografie.uvt.ro\/index.php?rest_route=\/wp\/v2\/users\/1"}],"replies":[{"embeddable":true,"href":"https:\/\/geografie.uvt.ro\/index.php?rest_route=%2Fwp%2Fv2%2Fcomments&post=11"}],"version-history":[{"count":305,"href":"https:\/\/geografie.uvt.ro\/index.php?rest_route=\/wp\/v2\/pages\/11\/revisions"}],"predecessor-version":[{"id":685,"href":"https:\/\/geografie.uvt.ro\/index.php?rest_route=\/wp\/v2\/pages\/11\/revisions\/685"}],"wp:featuredmedia":[{"embeddable":true,"href":"https:\/\/geografie.uvt.ro\/index.php?rest_route=\/wp\/v2\/media\/121"}],"wp:attachment":[{"href":"https:\/\/geografie.uvt.ro\/index.php?rest_route=%2Fwp%2Fv2%2Fmedia&parent=11"}],"curies":[{"name":"wp","href":"https:\/\/api.w.org\/{rel}","templated":true}]}}